{"id":756,"date":"2018-07-10T12:55:15","date_gmt":"2018-07-10T15:55:15","guid":{"rendered":"https:\/\/pesmartinez-sjn.infd.edu.ar\/sitio\/?page_id=756"},"modified":"2022-10-06T20:35:45","modified_gmt":"2022-10-06T23:35:45","slug":"capacitacion","status":"publish","type":"page","link":"https:\/\/pesmartinez-sjn.infd.edu.ar\/sitio\/capacitacion\/","title":{"rendered":"CAPACITACI\u00d3N"},"content":{"rendered":"<p><span style=\"font-size: small;\"><span style=\"font-family: Verdana;\">El Profesorado de Ense\u00f1anza Superior \u00abMons. Dr. Silvino Martinez\u00bb cuenta con funciones de Capacitaciones correspondientes a tres areas: 1. Formaci\u00f3n Inicial, 2. Desarrollo Profesional Docente,\u00a0 3. Investigaci\u00f3n; las mismas, dise\u00f1an y desarrollan acciones formativas destinadas a docentes en Educaci\u00f3n Especial, en Especialidades y Formaci\u00f3n General, acordes a los requerimientos curriculares e institucional.<\/span> <\/span><\/p>\n<p><img decoding=\"async\" loading=\"lazy\" class=\"size-medium wp-image-973 aligncenter\" src=\"https:\/\/pesmartinez-sjn.infd.edu.ar\/sitio\/wp-content\/uploads\/2020\/03\/IMG-20200330-WA0003-1000x538.jpg\" alt=\"\" width=\"1000\" height=\"538\" srcset=\"https:\/\/pesmartinez-sjn.infd.edu.ar\/sitio\/wp-content\/uploads\/2020\/03\/IMG-20200330-WA0003-1000x538.jpg 1000w, https:\/\/pesmartinez-sjn.infd.edu.ar\/sitio\/wp-content\/uploads\/2020\/03\/IMG-20200330-WA0003-768x413.jpg 768w, https:\/\/pesmartinez-sjn.infd.edu.ar\/sitio\/wp-content\/uploads\/2020\/03\/IMG-20200330-WA0003.jpg 1207w\" sizes=\"(max-width: 1000px) 100vw, 1000px\" \/><\/p>\n<p><span style=\"font-family: Verdana; font-size: small;\"><strong>Acciones formativas previstas para 2021:<\/strong><\/span><\/p>\n<table border=\"0\" width=\"535\" cellspacing=\"0\" cellpadding=\"0\">\n<tbody>\n<tr>\n<td style=\"width: 492px;\">\n<table style=\"height: 621px;\" border=\"0\" width=\"758\" cellspacing=\"0\" cellpadding=\"0\">\n<tbody>\n<tr>\n<td style=\"width: 43px;\"><\/td>\n<td style=\"width: 492px;\">\n<p style=\"text-align: center;\"><strong><span style=\"font-size: medium; color: #ff0000;\">PROYECTOS DE CAPACITACI\u00d3N &#8211; <\/span><\/strong><span style=\"font-size: medium;\"><strong><span style=\"color: #ff0000;\">CICLO LECTIVO 2020<\/span><\/strong><br \/>\n<\/span><\/p>\n<\/td>\n<\/tr>\n<tr>\n<td style=\"width: 43px; text-align: left;\"><span style=\"color: #008000;\"><strong>1.\u00a0\u00a0\u00a0\u00a0\u00a0\u00a0\u00a0\u00a0\u00a0\u00a0\u00a0 <\/strong><\/span><\/td>\n<td style=\"width: 492px;\"><span style=\"font-size: medium;\">\u201cPENSAR LOS PROYECTOS EN LA ESCUELA\u201d<br \/>\n<\/span><\/td>\n<\/tr>\n<tr>\n<td style=\"width: 43px;\"><span style=\"color: #008000;\"><strong>2.\u00a0\u00a0\u00a0\u00a0\u00a0\u00a0\u00a0\u00a0\u00a0\u00a0\u00a0 <\/strong><\/span><\/td>\n<td style=\"width: 492px;\"><span style=\"font-size: medium;\">\u201cDIVERSIDAD SOCIO CULTURAL EN LA ESCUELA DE HOY\u201d<br \/>\n<\/span><\/td>\n<\/tr>\n<tr>\n<td style=\"width: 43px;\"><span style=\"color: #008000;\"><strong>3. \u00a0 \u00a0 \u00a0 \u00a0 \u00a0 \u00a0<\/strong><\/span><\/td>\n<td style=\"width: 492px;\"><span style=\"font-size: medium;\">\u201cLA EDUCACI\u00d3N SEXUAL EN LA ESCUELA: UN ENFOQUE BIOL\u00d3GICO\u201d<br \/>\n<\/span><\/td>\n<\/tr>\n<tr>\n<td style=\"width: 43px;\"><strong><span style=\"color: #008000;\">4.<\/span>\u00a0\u00a0\u00a0\u00a0\u00a0\u00a0\u00a0\u00a0\u00a0\u00a0\u00a0 <\/strong><\/td>\n<td style=\"width: 492px;\"><span style=\"font-size: medium;\">\u201cDESORDENES EN EL APRENDIZAJE DE NI\u00d1OS Y J\u00d3VENES\u201d<br \/>\n<\/span><\/td>\n<\/tr>\n<tr>\n<td style=\"width: 43px;\"><strong><span style=\"color: #008000;\">5.\u00a0<\/span>\u00a0\u00a0\u00a0\u00a0\u00a0\u00a0\u00a0\u00a0\u00a0\u00a0 <\/strong><\/td>\n<td style=\"width: 492px;\"><span style=\"font-size: medium;\">\u201cEDUCAR EN VALORES DEMOCR\u00c1TICOS\u201d<br \/>\n<\/span><\/td>\n<\/tr>\n<tr>\n<td style=\"width: 43px;\"><strong><span style=\"color: #008000;\">6.<\/span>\u00a0\u00a0\u00a0\u00a0\u00a0\u00a0\u00a0\u00a0\u00a0\u00a0\u00a0 <\/strong><\/td>\n<td style=\"width: 492px;\"><span style=\"font-size: medium;\">\u201cVIOLENCIA EN LA ESCUELA. MEDIDAS REPARADORAS\u201d.<br \/>\n<\/span><\/td>\n<\/tr>\n<tr>\n<td style=\"width: 43px;\"><strong><span style=\"color: #008000;\">7.<\/span>\u00a0<\/strong><\/td>\n<td style=\"width: 492px;\"><span style=\"font-size: medium;\">\u201cEL ARTE COMO HERRAMIENTA DID\u00c1CTICA EN LA EDUCACI\u00d3N ESPECIAL\u201d\u00a0<\/span><\/td>\n<\/tr>\n<tr>\n<td style=\"width: 43px;\"><strong><span style=\"color: #008000;\">8.<\/span>\u00a0\u00a0\u00a0\u00a0\u00a0\u00a0\u00a0\u00a0\u00a0\u00a0\u00a0 <\/strong><\/td>\n<td style=\"width: 492px;\"><span style=\"font-size: medium;\">\u201cADAPTACIONES CURRICULARES\u201d<br \/>\n<\/span><\/td>\n<\/tr>\n<tr>\n<td style=\"width: 43px;\"><strong><span style=\"color: #008000;\">9.<\/span>\u00a0\u00a0\u00a0\u00a0\u00a0\u00a0\u00a0\u00a0\u00a0\u00a0\u00a0 <\/strong><\/td>\n<td style=\"width: 492px;\"><span style=\"font-size: medium;\">\u201cCURSO DE CAPACITACI\u00d3N EN PSICOMOTRICIDAD Y ATENCI\u00d3N TEMPRANA\u201d<br \/>\n<\/span><\/td>\n<\/tr>\n<tr>\n<td style=\"width: 43px;\"><strong><span style=\"color: #008000;\">10.<\/span>\u00a0\u00a0\u00a0\u00a0\u00a0 <\/strong><\/td>\n<td style=\"width: 492px;\"><span style=\"font-size: medium;\">\u201cQUI\u00c9N DICE QU\u00c9 EN EL TEXTO. DISTINTAS VOCES EN LOS TEXTOS QUE LEEMOS O ESCRIBIMOS\u201d<br \/>\n<\/span><\/td>\n<\/tr>\n<tr>\n<td style=\"width: 43px;\"><strong><span style=\"color: #008000;\">11.\u00a0<\/span>\u00a0\u00a0\u00a0\u00a0 <\/strong><\/td>\n<td style=\"width: 492px;\"><span style=\"font-size: medium;\">\u201cPROBLEMAS Y SOLUCIONES. LA INVESTIGACI\u00d3N EN LAS CIENCIAS SOCIALES\u201d<br \/>\n<\/span><\/td>\n<\/tr>\n<tr>\n<td style=\"width: 43px;\"><strong><span style=\"color: #008000;\">12.\u00a0<\/span>\u00a0\u00a0\u00a0\u00a0 <\/strong><\/td>\n<td style=\"width: 492px;\"><span style=\"font-size: medium;\">\u201cCURSO DE CAPACITACI\u00d3N DOCENTE EN EDUCACI\u00d3N ESPECIAL PARA \u00c1REAS DE ESPECIALIDADES Y CELADORES\u201d<br \/>\n<\/span><\/td>\n<\/tr>\n<\/tbody>\n<\/table>\n<\/td>\n<\/tr>\n<\/tbody>\n<\/table>\n<p><!--more--><\/p>\n<p><!--more--><\/p>\n","protected":false},"excerpt":{"rendered":"<p>El Profesorado de Ense\u00f1anza Superior \u00abMons. Dr. Silvino Martinez\u00bb cuenta con funciones de Capacitaciones correspondientes a tres areas: 1. Formaci\u00f3n Inicial, 2. Desarrollo Profesional Docente,\u00a0 3. Investigaci\u00f3n; las mismas, dise\u00f1an y desarrollan acciones formativas destinadas a docentes en Educaci\u00f3n Especial, en Especialidades y Formaci\u00f3n General, acordes a los requerimientos curriculares e institucional. Acciones formativas previstas &#8230; <a title=\"CAPACITACI\u00d3N\" class=\"read-more\" href=\"https:\/\/pesmartinez-sjn.infd.edu.ar\/sitio\/capacitacion\/\" aria-label=\"More on CAPACITACI\u00d3N\">[+]<\/a><\/p>\n","protected":false},"author":574,"featured_media":0,"parent":0,"menu_order":0,"comment_status":"closed","ping_status":"closed","template":"","meta":[],"acf":[],"_links":{"self":[{"href":"https:\/\/pesmartinez-sjn.infd.edu.ar\/sitio\/wp-json\/wp\/v2\/pages\/756"}],"collection":[{"href":"https:\/\/pesmartinez-sjn.infd.edu.ar\/sitio\/wp-json\/wp\/v2\/pages"}],"about":[{"href":"https:\/\/pesmartinez-sjn.infd.edu.ar\/sitio\/wp-json\/wp\/v2\/types\/page"}],"author":[{"embeddable":true,"href":"https:\/\/pesmartinez-sjn.infd.edu.ar\/sitio\/wp-json\/wp\/v2\/users\/574"}],"replies":[{"embeddable":true,"href":"https:\/\/pesmartinez-sjn.infd.edu.ar\/sitio\/wp-json\/wp\/v2\/comments?post=756"}],"version-history":[{"count":8,"href":"https:\/\/pesmartinez-sjn.infd.edu.ar\/sitio\/wp-json\/wp\/v2\/pages\/756\/revisions"}],"predecessor-version":[{"id":1560,"href":"https:\/\/pesmartinez-sjn.infd.edu.ar\/sitio\/wp-json\/wp\/v2\/pages\/756\/revisions\/1560"}],"wp:attachment":[{"href":"https:\/\/pesmartinez-sjn.infd.edu.ar\/sitio\/wp-json\/wp\/v2\/media?parent=756"}],"curies":[{"name":"wp","href":"https:\/\/api.w.org\/{rel}","templated":true}]}}